{"id":3274,"date":"2025-11-07T16:48:02","date_gmt":"2025-11-07T15:48:02","guid":{"rendered":"https:\/\/wiwagroup.sk\/adatvedelmi-iranyelvek\/"},"modified":"2025-12-01T20:29:18","modified_gmt":"2025-12-01T19:29:18","slug":"adatvedelmi-iranyelvek","status":"publish","type":"page","link":"https:\/\/wiwagroup.sk\/hu\/adatvedelmi-iranyelvek\/","title":{"rendered":"Adatv\u00e9delmi ir\u00e1nyelvek"},"content":{"rendered":"\t\t<div data-elementor-type=\"wp-page\" data-elementor-id=\"3274\" class=\"elementor elementor-3274 elementor-337\" data-elementor-post-type=\"page\">\n\t\t\t\t<div class=\"elementor-element elementor-element-7ff81011 e-flex e-con-boxed e-con e-parent\" data-id=\"7ff81011\" data-element_type=\"container\" data-settings=\"{&quot;background_background&quot;:&quot;classic&quot;}\">\n\t\t\t\t\t<div class=\"e-con-inner\">\n\t\t<div class=\"elementor-element elementor-element-70464a6 e-con-full e-flex e-con e-child\" data-id=\"70464a6\" data-element_type=\"container\">\n\t\t<div class=\"elementor-element elementor-element-28fe337d e-con-full e-flex e-con e-child\" data-id=\"28fe337d\" data-element_type=\"container\">\n\t\t\t\t<div class=\"elementor-element elementor-element-328e1dd8 elementor-widget elementor-widget-heading\" data-id=\"328e1dd8\" data-element_type=\"widget\" data-widget_type=\"heading.default\">\n\t\t\t\t\t<h1 class=\"elementor-heading-title elementor-size-default\">Adatv\u00e9delmi ir\u00e1nyelvek<\/h1>\t\t\t\t<\/div>\n\t\t\t\t<\/div>\n\t\t<div class=\"elementor-element elementor-element-4a0f1746 e-con-full e-flex e-con e-child\" data-id=\"4a0f1746\" data-element_type=\"container\">\n\t\t\t\t<\/div>\n\t\t<div class=\"elementor-element elementor-element-2a9ace62 e-con-full e-flex e-con e-child\" data-id=\"2a9ace62\" data-element_type=\"container\">\n\t\t\t\t<div class=\"elementor-element elementor-element-13cd338 elementor-widget elementor-widget-spacer\" data-id=\"13cd338\" data-element_type=\"widget\" data-widget_type=\"spacer.default\">\n\t\t\t\t\t\t\t<div class=\"elementor-spacer\">\n\t\t\t<div class=\"elementor-spacer-inner\"><\/div>\n\t\t<\/div>\n\t\t\t\t\t\t<\/div>\n\t\t\t\t<\/div>\n\t\t\t\t<\/div>\n\t\t\t\t\t<\/div>\n\t\t\t\t<\/div>\n\t\t<div class=\"elementor-element elementor-element-25055aa9 e-flex e-con-boxed e-con e-parent\" data-id=\"25055aa9\" data-element_type=\"container\">\n\t\t\t\t\t<div class=\"e-con-inner\">\n\t\t\t\t<div class=\"elementor-element elementor-element-421720e elementor-widget elementor-widget-text-editor\" data-id=\"421720e\" data-element_type=\"widget\" data-widget_type=\"text-editor.default\">\n\t\t\t\t\t\t\t\t\t\n<p>Kedves felhaszn\u00e1l\u00f3k,<\/p>\n\n\n\n<p>ez az adatv\u00e9delmi szab\u00e1lyzat \u00d6nre &#8211; a v\u00e1llalatunk \u00e1ltal online weboldalainkon vagy mobilalkalmaz\u00e1sainkon kereszt\u00fcl ny\u00fajtott szolg\u00e1ltat\u00e1saink felhaszn\u00e1l\u00f3ira &#8211; vonatkozik. Mi egyike vagyunk azoknak a v\u00e1llalatoknak, amelyek t\u00f6bb szolg\u00e1ltat\u00e1st ny\u00fajtanak, amelyek k\u00f6z\u00fcl n\u00e9h\u00e1ny kapcsol\u00f3dik egym\u00e1shoz. Online weboldalt \u00fczemeltet\u00fcnk ingatlanok, utaz\u00e1si irodai aj\u00e1nlatok hirdet\u00e9se c\u00e9lj\u00e1b\u00f3l, valamint \u00e1ll\u00e1sk\u00f6zvet\u00edt\u00e9si c\u00e9l\u00fa aj\u00e1nlatokat is. K\u00f6zvet\u00edt\u0151k\u00e9nt m\u0171k\u00f6d\u00fcnk a k\u00edn\u00e1lati \u00e9s a keresleti oldal k\u00f6z\u00f6tt. Technol\u00f3giai eszk\u00f6z\u00f6k \u00e9s kommunik\u00e1ci\u00f3s eszk\u00f6z\u00f6k megteremt\u00e9s\u00e9vel k\u00f6zvet\u00edtj\u00fck \u00d6nnek, a felhaszn\u00e1l\u00f3nak az egyes szolg\u00e1ltat\u00e1sok elad\u00e1sra t\u00f6rt\u00e9n\u0151 felk\u00edn\u00e1l\u00e1s\u00e1nak lehet\u0151s\u00e9g\u00e9t, amely az adott port\u00e1l k\u00f6z\u00e9ppontj\u00e1ban \u00e1ll.    <\/p>\n\n\n\n<p>Szolg\u00e1ltat\u00e1saink \u00e9s term\u00e9keink ny\u00fajt\u00e1sakor \u00e9s azok innov\u00e1ci\u00f3jakor mindig figyelembe vessz\u00fck az \u00d6n adatv\u00e9delm\u00e9t. Tiszt\u00e1ban vagyunk a felhaszn\u00e1l\u00f3ink ir\u00e1nti elk\u00f6telezetts\u00e9g\u00fcnkkel. Teljes m\u00e9rt\u00e9kben tiszt\u00e1ban vagyunk az \u00d6nnel szembeni k\u00f6telezetts\u00e9geinkkel, amelyek az \u00d6n mag\u00e1n\u00e9let\u00e9re \u00e9s szem\u00e9lyes adatainak v\u00e9delm\u00e9re vonatkoz\u00f3 jogszab\u00e1lyok k\u00f6vetelm\u00e9nyeib\u0151l fakadnak. Tisztelettel \u00e9s felel\u0151ss\u00e9ggel kezelj\u00fck az \u00d6n szem\u00e9lyes adatainak v\u00e9delm\u00e9t. Ez\u00e9rt k\u00fcl\u00f6nb\u00f6z\u0151 ter\u00fcletek &#8211; pl. jogi, biztons\u00e1gi, informatikai &#8211; szak\u00e9rt\u0151ivel dolgozunk egy\u00fctt, hogy biztos\u00edtsuk, hogy egyetlen d\u00f6nt\u00e9s sem sz\u00fcletik az \u00d6n adatainak tiszteletben tart\u00e1sa n\u00e9lk\u00fcl.     <\/p>\n\n\n\n<p>Szolg\u00e1ltat\u00e1sainkon bel\u00fcl k\u00fcl\u00f6nb\u00f6z\u0151 m\u00f3dokon kezelheti adatv\u00e9delm\u00e9t. Ugyanakkor mindig lehet\u0151s\u00e9ge van arra, hogy gyakorolja a term\u00e9szetes szem\u00e9lyeknek a szem\u00e9lyes adatok kezel\u00e9se tekintet\u00e9ben t\u00f6rt\u00e9n\u0151 v\u00e9delm\u00e9r\u0151l \u00e9s az ilyen adatok szabad \u00e1raml\u00e1s\u00e1r\u00f3l, valamint a 95\/46\/EK ir\u00e1nyelv hat\u00e1lyon k\u00edv\u00fcl helyez\u00e9s\u00e9r\u0151l (\u00e1ltal\u00e1nos adatv\u00e9delmi rendelet) sz\u00f3l\u00f3, 2016. \u00e1prilis 27-i (EU) 2016\/679 eur\u00f3pai parlamenti \u00e9s tan\u00e1csi rendelet (a tov\u00e1bbiakban: &#8222;rendelet&#8221;) \u00e9s a 95\/46\/EK ir\u00e1nyelv hat\u00e1lyon k\u00edv\u00fcl helyez\u00e9s\u00e9r\u0151l sz\u00f3l\u00f3 t\u00f6rv\u00e9ny szerinti jogait. A jelen adatv\u00e9delmi szab\u00e1lyzat c\u00e9lja, hogy t\u00e1j\u00e9koztat\u00e1st ny\u00fajtson arr\u00f3l, hogy kik, mi\u00e9rt \u00e9s hogyan kezelik az \u00d6n szem\u00e9lyes adatait, kinek adj\u00e1k \u00e1t az \u00d6n szem\u00e9lyes adatait, milyen jogai vannak a rendelet \u00e9s a t\u00f6rv\u00e9ny \u00e9rtelm\u00e9ben, \u00e9s hogyan gyakorolhatja azokat.     <\/p>\n\n\n\n<h6 class=\"wp-block-heading\">&nbsp;<\/h6>\n\n\n\n<h6 class=\"wp-block-heading\">Kik vagyunk mi?<\/h6>\n\n\n\n<p>Az \u00d6n szem\u00e9lyes adatait a WIWA group s.r.o. kezeli \u00e9s v\u00e9di, sz\u00e9khelye: Hlavn\u00e1 31, 943 01 \u0160t\u00farovo, azonos\u00edt\u00f3 sz\u00e1ma: 50 752 863, bejegyezve a Nyitrai Ker\u00fcleti B\u00edr\u00f3s\u00e1g kereskedelmi nyilv\u00e1ntart\u00e1s\u00e1ban, r\u00e9szleg: Sro, bet\u00e9t sz\u00e1ma: 42948\/N. A t\u00f6rv\u00e9ny \u00e9s a rendelet szempontj\u00e1b\u00f3l adatkezel\u0151i vagy k\u00f6zvet\u00edt\u0151i st\u00e1tusszal rendelkez\u00fcnk.  <\/p>\n\n\n\n<h6 class=\"wp-block-heading\">&nbsp;<\/h6>\n\n\n\n<h6 class=\"wp-block-heading\">Milyen t\u00edpus\u00fa inform\u00e1ci\u00f3kat gy\u0171jt\u00fcnk \u00d6nr\u0151l?<\/h6>\n\n\n\n<p>Annak \u00e9rdek\u00e9ben, hogy szolg\u00e1ltat\u00e1sainkat az \u00d6n rendelkez\u00e9s\u00e9re bocs\u00e1thassuk, \u00e9s folyamatosan jav\u00edthassuk szolg\u00e1ltat\u00e1sainkat, inform\u00e1ci\u00f3kat gy\u0171jt\u00fcnk \u00d6nr\u0151l. Az \u00d6nr\u0151l gy\u0171jt\u00f6tt inform\u00e1ci\u00f3k \u00e9s azok felhaszn\u00e1l\u00e1s\u00e1nak m\u00f3dja att\u00f3l f\u00fcgg, hogy \u00d6n milyen szolg\u00e1ltat\u00e1st vesz ig\u00e9nybe, \u00e9s hogyan kezeli vel\u00fcnk az adatv\u00e9delmi ellen\u0151rz\u00e9seket. Az \u00d6nr\u0151l \u00e1ltalunk feldolgozott inform\u00e1ci\u00f3k elvileg a k\u00f6vetkez\u0151k\u00e9ppen bonthat\u00f3k le:  <\/p>\n\n\n\n<p>Az \u00d6n \u00e1ltal az \u00d6n \u00e1ltal ny\u00fajtott konkr\u00e9t szolg\u00e1ltat\u00e1ssal kapcsolatban k\u00f6zvetlen\u00fcl megadott inform\u00e1ci\u00f3k<\/p>\n\n\n\n<ul class=\"wp-block-list\">\n<li>az ingatlan\u00fcgyletekben az \u00e9rt\u00e9kes\u00edt\u00e9s k\u00f6zvet\u00edt\u00e9s\u00e9hez, vagy a hitelek elsz\u00e1mol\u00e1s\u00e1hoz sz\u00fcks\u00e9ges dokumentumok biztos\u00edt\u00e1s\u00e1hoz, belf\u00f6ldi \u00e9s k\u00fclf\u00f6ldi utaz\u00e1sok k\u00f6zvet\u00edt\u00e9s\u00e9hez, mint utaz\u00e1si iroda, valamint a munkav\u00e1llal\u00e1s k\u00f6zvet\u00edt\u00e9s\u00e9hez sz\u00fcks\u00e9ges adatok &#8211; p\u00e9ld\u00e1ul n\u00e9v, vezet\u00e9kn\u00e9v, lak\u00f3hely, f\u00e9nyk\u00e9p, sz\u00fclet\u00e9si d\u00e1tum, sz\u00fclet\u00e9si sz\u00e1m.<\/li>\n\n\n\n<li>az \u00d6n \u00e1ltal a hirdet\u00e9si szolg\u00e1ltat\u00e1s ig\u00e9nybev\u00e9telekor megadott inform\u00e1ci\u00f3k &#8211; p\u00e9ld\u00e1ul f\u00e9nyk\u00e9pek vagy \u00f6n\u00e9letrajz elk\u00fcld\u00e9se<\/li>\n\n\n\n<li>olyan inform\u00e1ci\u00f3k, amelyeket \u00d6n nem bejelentkezett felhaszn\u00e1l\u00f3k\u00e9nt is megad nek\u00fcnk (p\u00e9ld\u00e1ul egy aj\u00e1nlatra adott v\u00e1laszk\u00e9nt vagy egy aj\u00e1nlat \u00e1r\u00e1ra vonatkoz\u00f3 javaslatk\u00e9nt).<\/li>\n\n\n\n<li>az \u00fcgyf\u00e9lszolg\u00e1latunk \u00e1ltal kezelt megkeres\u00e9seivel kapcsolatos inform\u00e1ci\u00f3k &#8211; pl. panaszok, reklam\u00e1ci\u00f3k, javaslatok, \u00e9rtes\u00edt\u00e9sek <\/li>\n<\/ul>\n\n\n\n<p><br>M\u00e1s forr\u00e1sokb\u00f3l sz\u00e1rmaz\u00f3 inform\u00e1ci\u00f3k, nevezetesen:<\/p>\n\n\n\n<ul class=\"wp-block-list\">\n<li>m\u00e1s felhaszn\u00e1l\u00f3kt\u00f3l sz\u00e1rmaz\u00f3 inform\u00e1ci\u00f3k &#8211; m\u00e1s felhaszn\u00e1l\u00f3kt\u00f3l gy\u0171jthet\u00fcnk \u00d6nr\u0151l inform\u00e1ci\u00f3kat, p\u00e9ld\u00e1ul amikor kapcsolatba l\u00e9pnek vel\u00fcnk \u00d6nnel kapcsolatban, p\u00e9ld\u00e1ul amikor figyelmeztetnek minket bizonyos tev\u00e9kenys\u00e9geire, vagy amikor szolg\u00e1ltat\u00e1saink lehets\u00e9ges felhaszn\u00e1l\u00f3jak\u00e9nt aj\u00e1nlj\u00e1k \u00d6nt. <\/li>\n<\/ul>\n\n\n\n<p><br>A szolg\u00e1ltat\u00e1saink haszn\u00e1lat\u00e1val kapcsolatban gy\u0171jt\u00f6tt inform\u00e1ci\u00f3k, nevezetesen:<\/p>\n\n\n\n<ul class=\"wp-block-list\">\n<li>a vel\u00fcnk val\u00f3 interakci\u00f3kra vonatkoz\u00f3 inform\u00e1ci\u00f3k, p\u00e9ld\u00e1ul a szolg\u00e1ltat\u00e1sok haszn\u00e1lat\u00e1nak m\u00f3dja, a bejelentkez\u00e9s m\u00f3dja, az egyes oldalak l\u00e1togat\u00e1s\u00e1nak helye \u00e9s id\u0151tartama, a v\u00e1laszid\u0151k, a let\u00f6lt\u00e9si hib\u00e1k, a szolg\u00e1ltat\u00e1sok el\u00e9r\u00e9s\u00e9nek \u00e9s elhagy\u00e1s\u00e1nak m\u00f3dja stb.<\/li>\n\n\n\n<li>a haszn\u00e1lt eszk\u00f6z\u00f6k \u00e9s be\u00e1ll\u00edt\u00e1sok technikai adatai, p\u00e9ld\u00e1ul IP-c\u00edm, b\u00f6ng\u00e9sz\u0151be\u00e1ll\u00edt\u00e1sok, oper\u00e1ci\u00f3s rendszer, platform, &#8211; a szolg\u00e1ltat\u00e1saink bizonyos funkci\u00f3inak haszn\u00e1lat\u00e1hoz sz\u00fcks\u00e9ges inform\u00e1ci\u00f3k.<\/li>\n<\/ul>\n\n\n\n<h6 class=\"wp-block-heading\">&nbsp;<\/h6>\n\n\n\n<h6 class=\"wp-block-heading\">Mi\u00e9rt kezelj\u00fck az \u00d6n szem\u00e9lyes adatait?<\/h6>\n\n\n\n<p>Ahhoz, hogy az \u00d6n szem\u00e9lyes adatait jogszer\u0171en kezelhess\u00fck, sz\u00fcks\u00e9ges, hogy el\u0151re meghat\u00e1rozott c\u00e9llal kezelj\u00fck azokat. Az al\u00e1bbiakban ismertetj\u00fck azokat a c\u00e9lokat, amelyek \u00e9rdek\u00e9ben az \u00d6n szem\u00e9lyes adatait \u00f6sszegy\u0171jtj\u00fck \u00e9s tov\u00e1bb feldolgozzuk. <\/p>\n\n\n\n<p>Szolg\u00e1ltat\u00e1saink adminisztr\u00e1l\u00e1sa \u00e9s ny\u00fajt\u00e1sa<\/p>\n\n\n\n<p>A legt\u00f6bb esetben az \u00d6n szem\u00e9lyes adatainak feldolgoz\u00e1s\u00e1nak jogalapja a szolg\u00e1ltat\u00e1s ny\u00fajt\u00e1s\u00e1ra vonatkoz\u00f3 szerz\u0151d\u00e9s vagy szolg\u00e1ltat\u00e1sny\u00fajt\u00e1sra vonatkoz\u00f3 szerz\u0151d\u00e9s teljes\u00edt\u00e9se.<\/p>\n\n\n\n<p>Jogi k\u00f6telezetts\u00e9gek teljes\u00edt\u00e9se<\/p>\n\n\n\n<p>K\u00fcl\u00f6nleges jogszab\u00e1lyok k\u00fcl\u00f6nb\u00f6z\u0151 k\u00f6telezetts\u00e9geket r\u00f3hatnak r\u00e1nk, mint szolg\u00e1ltat\u00f3ra, amelyek c\u00e9ljaira az \u00d6n szem\u00e9lyes adatainak feldolgoz\u00e1sa sz\u00fcks\u00e9ges. P\u00e9ld\u00e1ul a Polg\u00e1ri T\u00f6rv\u00e9nyk\u00f6nyvvel \u00e9s a fogyaszt\u00f3v\u00e9delmi szab\u00e1lyokkal \u00f6sszhangban az \u00d6n szem\u00e9lyes adatait az esetleges panaszok kezel\u00e9se c\u00e9lj\u00e1b\u00f3l is feldolgozzuk. Egy m\u00e1sik p\u00e9lda, ahol a szem\u00e9lyes adatok feldolgoz\u00e1s\u00e1nak c\u00e9lja a jogi k\u00f6telezetts\u00e9gek teljes\u00edt\u00e9se, a sz\u00e1mviteli t\u00f6rv\u00e9ny, amelynek \u00e9rtelm\u00e9ben a fizetett szolg\u00e1ltat\u00e1sok eset\u00e9ben bizonyos adatokat az ebben a t\u00f6rv\u00e9nyben meghat\u00e1rozott ideig k\u00f6telesek vagyunk meg\u0151rizni.  <\/p>\n\n\n\n<p>Szolg\u00e1ltat\u00e1saink \u00e9rt\u00e9kel\u00e9se, karbantart\u00e1sa \u00e9s jav\u00edt\u00e1sa, valamint \u00faj szolg\u00e1ltat\u00e1sok fejleszt\u00e9se \u00e9rdek\u00e9ben<\/p>\n\n\n\n<p>Az \u00d6n \u00e1ltal megadott inform\u00e1ci\u00f3kat arra haszn\u00e1ljuk fel, hogy szolg\u00e1ltat\u00e1saink az \u00d6n elv\u00e1r\u00e1sainak megfelel\u0151en m\u0171k\u00f6djenek, p\u00e9ld\u00e1ul az \u00fczemzavarok nyomon k\u00f6vet\u00e9se vagy az \u00d6n \u00e1ltal bejelentett probl\u00e9m\u00e1k jav\u00edt\u00e1sa \u00e9rdek\u00e9ben. Az \u00d6n adatait arra is felhaszn\u00e1ljuk, hogy megpr\u00f3b\u00e1ljuk meg\u00faj\u00edtani szolg\u00e1ltat\u00e1sainkat &#8211; p\u00e9ld\u00e1ul amikor az \u00d6n hozz\u00e1j\u00e1rul\u00e1sa alapj\u00e1n azonos\u00edtjuk a szolg\u00e1ltat\u00e1sfejleszt\u00e9s sz\u00fcks\u00e9gess\u00e9g\u00e9t, vagy amikor \u00faj szolg\u00e1ltat\u00e1s ir\u00e1nti ig\u00e9nyt l\u00e1tunk, vagy amikor felm\u00e9rj\u00fck, hogy sz\u00fcks\u00e9g van-e nagyobb fok\u00fa felhaszn\u00e1l\u00f3v\u00e9delemre stb. A megl\u00e9v\u0151 szolg\u00e1ltat\u00e1sokkal kapcsolatban gy\u0171jt\u00f6tt inform\u00e1ci\u00f3k seg\u00edtenek nek\u00fcnk \u00faj szolg\u00e1ltat\u00e1sok kifejleszt\u00e9s\u00e9ben.  <\/p>\n\n\n\n<p>Szem\u00e9lyre szabott szolg\u00e1ltat\u00e1sok ny\u00fajt\u00e1sa, bele\u00e9rtve a tartalmat \u00e9s a hirdet\u00e9seket is<\/p>\n\n\n\n<p>Az \u00d6nt\u0151l kapott inform\u00e1ci\u00f3k alapj\u00e1n biztos\u00edtani tudjuk, hogy az \u00e1ltalunk ny\u00fajtott szolg\u00e1ltat\u00e1s az \u00d6n ig\u00e9nyeihez \u00e9s preferenci\u00e1ihoz igazodjon.<\/p>\n\n\n\n<p>Szem\u00e9lyre szabott tartalmat biztos\u00edtunk \u00d6nnek, p\u00e9ld\u00e1ul az\u00e1ltal, hogy relev\u00e1ns \u00e9s \u00e9rdekes aj\u00e1nlatokat tartalmaz\u00f3 aj\u00e1nl\u00e1sokat mutatunk \u00d6nnek, amelyekr\u0151l \u00fagy gondoljuk, hogy vonz\u00f3ak \u00e9s \u00e9rdekesek lehetnek az \u00d6n sz\u00e1m\u00e1ra, valamint m\u00e1s hasonl\u00f3 int\u00e9zked\u00e9sekkel megk\u00f6nny\u00edtj\u00fck \u00d6nnek a Szolg\u00e1ltat\u00e1saink haszn\u00e1lat\u00e1t, \u00e9s jav\u00edtjuk a felhaszn\u00e1l\u00f3i \u00e9lm\u00e9nyt a Szolg\u00e1ltat\u00e1saink haszn\u00e1lata sor\u00e1n. <\/p>\n\n\n\n<p>Az \u00d6n szem\u00e9lyes adatainak e c\u00e9lb\u00f3l t\u00f6rt\u00e9n\u0151 feldolgoz\u00e1s\u00e1nak c\u00e9lja az is, hogy megk\u00f6nny\u00edtse v\u00e1llalatunk szolg\u00e1ltat\u00e1sainak ig\u00e9nybev\u00e9tel\u00e9t, p\u00e9ld\u00e1ul k\u00f6zvet\u00edt\u0151i szolg\u00e1ltat\u00e1saink, p\u00e9ld\u00e1ul ingatlan- vagy munkak\u00f6zvet\u00edt\u00e9s ig\u00e9nybev\u00e9tel\u00e9t. <\/p>\n\n\n\n<p>Az \u00d6n k\u00fcl\u00f6nb\u00f6z\u0151 eszk\u00f6zeir\u0151l gy\u0171jt\u00f6tt inform\u00e1ci\u00f3k (oper\u00e1ci\u00f3s rendszer verzi\u00f3ja, alkalmaz\u00e1s verzi\u00f3ja \u00e9s az eszk\u00f6z hardveradatai) seg\u00edtenek abban, hogy minden eszk\u00f6z\u00e9n egys\u00e9ges szolg\u00e1ltat\u00e1st ny\u00fajtsunk.<\/p>\n\n\n\n<p>Szolg\u00e1ltat\u00e1saink biztons\u00e1g\u00e1nak \u00e9rv\u00e9nyes\u00edt\u00e9se, szolg\u00e1ltat\u00e1sainkkal val\u00f3 vissza\u00e9l\u00e9sek megel\u0151z\u00e9se \u00e9s a felt\u00e9teleink megs\u00e9rt\u00e9s\u00e9nek kivizsg\u00e1l\u00e1sa.<\/p>\n\n\n\n<p>Elk\u00f6telezettek vagyunk szolg\u00e1ltat\u00e1saink biztons\u00e1g\u00e1nak meg\u0151rz\u00e9se mellett. Szolg\u00e1ltat\u00e1saink biztons\u00e1g\u00e1nak \u00e9rv\u00e9nyes\u00edt\u00e9se \u00e9rdek\u00e9ben az \u00d6n szem\u00e9lyes adatait a spam, az adathal\u00e1szat, a zaklat\u00e1s, a felhaszn\u00e1l\u00f3i fi\u00f3kokkal val\u00f3 vissza\u00e9l\u00e9s vagy m\u00e1s tiltott tev\u00e9kenys\u00e9gek megel\u0151z\u00e9se \u00e9rdek\u00e9ben is feldolgozzuk. <\/p>\n\n\n\n<p>Ennek az adatkezel\u00e9si c\u00e9lnak a r\u00e9szek\u00e9nt teljes\u00edtj\u00fck az \u00d6n fel\u00e9 tett k\u00f6telezetts\u00e9gv\u00e1llal\u00e1sunkat, hogy informatikai k\u00f6rnyezet\u00fcnket v\u00e9dj\u00fck a t\u00e1mad\u00e1sok \u00e9s egy\u00e9b zavar\u00f3 t\u00e9nyez\u0151k ellen, hogy szolg\u00e1ltat\u00e1saink haszn\u00e1lata biztons\u00e1gos legyen. Mi a jogalapja az \u00d6n szem\u00e9lyes adatainak a t\u00f6rv\u00e9ny \u00e9s a rendelet szerinti feldolgoz\u00e1s\u00e1nak? Az \u00d6n szem\u00e9lyes adatainak feldolgoz\u00e1s\u00e1nak jogszer\u0171s\u00e9g\u00e9t az al\u00e1bbi jogalapok indokolj\u00e1k:  <\/p>\n\n\n\n<p>Els\u0151sorban az\u00e9rt kezelj\u00fck az \u00d6n szem\u00e9lyes adatait, mert az \u00d6n szem\u00e9lyes adatainak feldolgoz\u00e1sa sz\u00fcks\u00e9ges annak a szerz\u0151d\u00e9snek a teljes\u00edt\u00e9s\u00e9hez, amelyet \u00d6n a felhaszn\u00e1l\u00e1si felt\u00e9teleink elfogad\u00e1s\u00e1val k\u00f6t\u00f6tt vel\u00fcnk.<\/p>\n\n\n\n<p>Egy\u00e9b jogalapok k\u00f6z\u00e9 tartozik a jogi k\u00f6telezetts\u00e9geinknek val\u00f3 megfelel\u00e9s, az \u00d6n \u00e9s a mi jogos \u00e9rdekeink, valamint az \u00d6n hozz\u00e1j\u00e1rul\u00e1sa a szem\u00e9lyes adatok feldolgoz\u00e1s\u00e1hoz. Ha az \u00d6n szem\u00e9lyes adatait az \u00d6n hozz\u00e1j\u00e1rul\u00e1sa alapj\u00e1n kezelj\u00fck, \u00d6n jogosult arra, hogy ezt a hozz\u00e1j\u00e1rul\u00e1s\u00e1t b\u00e1rmikor visszavonja. <\/p>\n\n\n\n<h6 class=\"wp-block-heading\">&nbsp;<\/h6>\n\n\n\n<h6 class=\"wp-block-heading\">Kinek adjuk \u00e1t vagy adjuk ki az \u00d6n szem\u00e9lyes adatait?<\/h6>\n\n\n\n<p>A t\u00f6rv\u00e9ny \u00e9rtelm\u00e9ben adatkezel\u0151i st\u00e1tuszban vagyunk, ami azt jelenti, hogy a mi v\u00e1llalatunk hat\u00e1rozza meg az adatkezel\u00e9s c\u00e9lj\u00e1t.<\/p>\n\n\n\n<p>Tev\u00e9kenys\u00e9geinkkel kapcsolatban az \u00d6n szem\u00e9lyes adatai tov\u00e1bb\u00edt\u00e1sra vagy nyilv\u00e1noss\u00e1gra hozatalra ker\u00fclhetnek m\u00e1s szervezetek sz\u00e1m\u00e1ra, ak\u00e1r f\u00fcggetlen adatkezel\u0151k\u00e9nt, ak\u00e1r megb\u00edzottk\u00e9nt.<\/p>\n\n\n\n<p>Szolg\u00e1ltat\u00e1saink r\u00e9szek\u00e9nt lehet\u0151v\u00e9 tessz\u00fck \u00fcgyfeleink (pl. ingatlan\u00fcgyn\u00f6k\u00f6k, munkak\u00f6zvet\u00edt\u0151k vagy utaz\u00e1si irod\u00e1k) sz\u00e1m\u00e1ra, hogy port\u00e1lunkon kereszt\u00fcl kapcsolatba l\u00e9pjenek vel\u00fcnk, a t\u00f6rv\u00e9ny \u00e9rtelm\u00e9ben k\u00f6zvet\u00edt\u0151k\u00e9nt is elj\u00e1runk. Az adott hirdet\u00e9s mellett elhelyezett kapcsolatfelv\u00e9teli \u0171rlapon kereszt\u00fcl k\u00f6zvetlen\u00fcl kapcsolatba l\u00e9phet vel\u00fcnk, hogy kapcsolatba l\u00e9pjen vel\u00fcnk egy adott hirdet\u00e9ssel kapcsolatban, \u00edgy a kapcsolatfelv\u00e9teli \u0171rlapon megadott adatokat mi, mint adatkezel\u0151k \u00e9s k\u00f6zvet\u00edt\u0151k kezelj\u00fck. <\/p>\n\n\n\n<p>Adatkezel\u0151k\u00e9nt biztos\u00edtjuk, hogy mindenki, akinek az \u00d6n szem\u00e9lyes adatait tov\u00e1bb\u00edtjuk, magas szint\u0171 adatv\u00e9delmet tartson fenn. Semmilyen k\u00f6r\u00fclm\u00e9nyek k\u00f6z\u00f6tt nem adjuk \u00e1t az \u00d6n szem\u00e9lyes adatait olyan szem\u00e9lynek, ahol ez a sz\u00ednvonal nem biztos\u00edtott. <\/p>\n\n\n\n<h6 class=\"wp-block-heading\">&nbsp;<\/h6>\n\n\n\n<h6 class=\"wp-block-heading\">Kedvezm\u00e9nyezetti k\u00f6r\u00f6k:<\/h6>\n\n\n\n<p>Programoz\u00e1si szolg\u00e1ltat\u00e1sok szolg\u00e1ltat\u00f3i, ingatlan\u00fcgyn\u00f6ks\u00e9gek, \u00fcgyv\u00e9d, bankok.<\/p>\n\n\n\n<p>Azoknak a szem\u00e9lyeknek, akiknek a t\u00f6rv\u00e9ny \u00e9rtelm\u00e9ben k\u00f6telesek vagyunk az \u00d6n adatait \u00e1tadni, pl. a Szlov\u00e1k Kereskedelmi Ellen\u0151rz\u00e9si Hat\u00f3s\u00e1g, b\u00edr\u00f3s\u00e1gok, b\u0171n\u00fcld\u00f6z\u0151 hat\u00f3s\u00e1gok. <\/p>\n\n\n\n<h6 class=\"wp-block-heading\">&nbsp;<\/h6>\n\n\n\n<h6 class=\"wp-block-heading\">Mennyi ideig kezelik az \u00d6n szem\u00e9lyes adatait?<\/h6>\n\n\n\n<p>Szem\u00e9lyes adatait a jogi k\u00f6vetelm\u00e9nyeknek megfelel\u0151en kezelj\u00fck, ami azt jelenti, hogy a szem\u00e9lyes adatokat nem t\u00e1roljuk tov\u00e1bb, mint amennyi az adatkezel\u00e9s c\u00e9lj\u00e1hoz sz\u00fcks\u00e9ges.<\/p>\n\n\n\n<p>Ha az \u00d6n szem\u00e9lyes adatait jogi alapon &#8211; szerz\u0151d\u00e9s teljes\u00edt\u00e9se &#8211; kezelj\u00fck, akkor az \u00d6n szem\u00e9lyes adatait a k\u00f6z\u00f6tt\u00fcnk fenn\u00e1ll\u00f3 szerz\u0151d\u00e9ses kapcsolat teljes id\u0151tartama alatt kezelj\u00fck. Ha a szerz\u0151d\u00e9s megsz\u0171nik, az \u00d6n szem\u00e9lyes adatait megsemmis\u00edtj\u00fck, kiv\u00e9ve, ha az \u00d6n szem\u00e9lyes adatait m\u00e1s jogalapon nem lehet feldolgozni. <\/p>\n\n\n\n<ul class=\"wp-block-list\">\n<li>Facebook Inc., 1601 Willow Road, Menlo Park, CA 94025, Egyes\u00fclt \u00c1llamok<\/li>\n\n\n\n<li>GoodRequest s.r.o., Murga\u0161ova 2\/243, 010 01 \u017dilina, Szlov\u00e1kia, ID: 47419971<\/li>\n\n\n\n<li>Google LLC, 1600 Amphitheatre Parkway, Mountain View, CA 94043, Egyes\u00fclt \u00c1llamok<\/li>\n\n\n\n<li>Instagram LLC, ATTN: Arbitration Opt-out 1601 Willow Rd. Menlo Park, CA 94025, <\/li>\n\n\n\n<li>Egyes\u00fclt \u00c1llamok<\/li>\n\n\n\n<li>Slovensk\u00e1 sporite\u013e\u0148a a. s., Tom\u00e1\u0161ikova 48, 832 37 Bratislava , Szlov\u00e1kia, ID: 00151653<\/li>\n\n\n\n<li>Slovak Telekom a.s., Bajkalsk\u00e1 28, 817 62, Bratislava, Szlov\u00e1kia, ID No.: 35763469.<\/li>\n\n\n\n<li>YouTube LLC, 901 Cherry Avenue, San Bruno, CA 94066, Egyes\u00fclt \u00c1llamok<\/li>\n\n\n\n<li>BAZOS .sk , Ing. Radim Smy\u010dka, 65773551), Dubany 17, Kralice na Han\u00e9, 798 12, Cseh K\u00f6zt\u00e1rsas\u00e1g<\/li>\n<\/ul>\n\n\n\n<p>Ha az \u00d6n szem\u00e9lyes adatait jogi alapon kezelj\u00fck &#8211; a jogi k\u00f6telezetts\u00e9geknek val\u00f3 megfelel\u00e9s \u00e9rdek\u00e9ben a t\u00f6rv\u00e9nyben meghat\u00e1rozott ideig kezelj\u00fck az \u00d6n szem\u00e9lyes adatait. Ha az \u00d6n szem\u00e9lyes adatait jogalapon &#8211; jogos \u00e9rdek\u00fcnk vagy harmadik f\u00e9l jogos \u00e9rdeke alapj\u00e1n &#8211; kezelj\u00fck, akkor az \u00d6n szem\u00e9lyes adatait a jogos \u00e9rdek fenn\u00e1ll\u00e1s\u00e1nak id\u0151tartam\u00e1ra kezelj\u00fck. Ha az \u00d6n szem\u00e9lyes adatait jogalapon &#8211; az \u00d6n hozz\u00e1j\u00e1rul\u00e1s\u00e1n &#8211; kezelj\u00fck, akkor az \u00d6n szem\u00e9lyes adatait addig az id\u0151tartamig kezelj\u00fck, am\u00edg \u00d6n hozz\u00e1j\u00e1rul\u00e1s\u00e1t adta szem\u00e9lyes adatai kezel\u00e9s\u00e9hez.  <\/p>\n\n\n\n<h6 class=\"wp-block-heading\">&nbsp;<\/h6>\n\n\n\n<h6 class=\"wp-block-heading\">Milyen jogai vannak az \u00d6n szem\u00e9lyes adatainak kezel\u00e9s\u00e9vel kapcsolatban?<\/h6>\n\n\n\n<p>Mind a t\u00f6rv\u00e9ny, mind a rendelet sz\u00e1mos olyan jogot biztos\u00edt \u00d6nnek, amelyek lehet\u0151v\u00e9 teszik, hogy szem\u00e9lyes adatainak v\u00e9delm\u00e9t saj\u00e1t ellen\u0151rz\u00e9se alatt tartsa. V\u00e1llalatunk tiszteletben tartja az \u00d6n jogait. Ebben a szakaszban ez\u00e9rt megtudhatja, hogy melyek ezek.  <\/p>\n\n\n\n<p>A szem\u00e9lyes adatokhoz val\u00f3 hozz\u00e1f\u00e9r\u00e9s joga<\/p>\n\n\n\n<p>Ez a jog azt jelenti, hogy jogosult meger\u0151s\u00edt\u00e9st k\u00e9rni t\u0151l\u00fcnk arr\u00f3l, hogy az \u00d6nre vonatkoz\u00f3 szem\u00e9lyes adatok feldolgoz\u00e1sa folyamatban van-e. Ha teh\u00e1t ilyen szem\u00e9lyes adatokat kezel\u00fcnk \u00d6nr\u0151l, akkor joga van ahhoz, hogy hozz\u00e1f\u00e9rjen az \u00d6n szem\u00e9lyes adataihoz, \u00e9s t\u00e1j\u00e9koztat\u00e1st kapjon azokr\u00f3l: <\/p>\n\n\n\n<ul class=\"wp-block-list\">\n<li>mi\u00e9rt kezelj\u00fck az \u00d6n szem\u00e9lyes adatait (a szem\u00e9lyes adatok kezel\u00e9s\u00e9nek c\u00e9lja)<\/li>\n\n\n\n<li>milyen adatokat kezel\u00fcnk \u00d6nr\u0151l (szem\u00e9lyes adatok kateg\u00f3ri\u00e1ja)<\/li>\n\n\n\n<li>kinek adhat\u00f3k vagy adhat\u00f3k \u00e1t az \u00d6n szem\u00e9lyes adatai (a c\u00edmzettek vagy a c\u00edmzettek csoportj\u00e1nak azonos\u00edt\u00e1sa) <\/li>\n\n\n\n<li>mennyi ideig \u0151rizz\u00fck meg az \u00d6n szem\u00e9lyes adatait (meg\u0151rz\u00e9si id\u0151szak)<\/li>\n\n\n\n<li>hogy joga van k\u00e9rni t\u0151l\u00fcnk szem\u00e9lyes adatainak helyesb\u00edt\u00e9s\u00e9t, t\u00f6rl\u00e9s\u00e9t, valamint feldolgoz\u00e1suk korl\u00e1toz\u00e1s\u00e1t, vagy hogy lehet\u0151s\u00e9ge van tiltakozni szem\u00e9lyes adatainak feldolgoz\u00e1sa ellen.<\/li>\n\n\n\n<li>arr\u00f3l, hogy \u00d6n jogosult a t\u00f6rv\u00e9ny alapj\u00e1n szem\u00e9lyes adatok v\u00e9delm\u00e9vel kapcsolatos elj\u00e1r\u00e1st ind\u00edtani, illetve a rendelet szerinti fel\u00fcgyeleti hat\u00f3s\u00e1gn\u00e1l, azaz a Szlov\u00e1k K\u00f6zt\u00e1rsas\u00e1g Szem\u00e9lyes Adatv\u00e9delmi Hivatal\u00e1n\u00e1l panaszt tenni.<\/li>\n\n\n\n<li>honnan sz\u00e1rmaznak az \u00d6n szem\u00e9lyes adatai (forr\u00e1sadatok), kiv\u00e9ve, ha \u00d6n k\u00f6zvetlen\u00fcl nek\u00fcnk adta meg a szem\u00e9lyes adatokat<\/li>\n<\/ul>\n\n\n\n<p>t\u00f6rv\u00e9ny; k\u00fcl\u00f6n\u00f6sen az alkalmazott elj\u00e1r\u00e1s, valamint a szem\u00e9lyes adatok ilyen jelleg\u0171 feldolgoz\u00e1s\u00e1nak jelent\u00e9se \u00e9s v\u00e1rhat\u00f3 k\u00f6vetkezm\u00e9nyei az \u00d6n sz\u00e1m\u00e1ra<\/p>\n\n\n\n<p>&#8211; megfelel\u0151 garanci\u00e1k az adattov\u00e1bb\u00edt\u00e1ssal kapcsolatban, ha az \u00d6n szem\u00e9lyes adatait harmadik orsz\u00e1gba vagy nemzetk\u00f6zi szervezethez tov\u00e1bb\u00edtjuk<\/p>\n\n\n\n<p>Ez a hozz\u00e1f\u00e9r\u00e9si jog azt is jelenti, hogy \u00d6n megkaphatja az \u00d6nr\u0151l \u00e1ltalunk feldolgozott szem\u00e9lyes adatokat.<\/p>\n\n\n\n<p>\u00c1tadjuk \u00d6nnek az \u00d6nr\u0151l kezelt szem\u00e9lyes adatok m\u00e1solat\u00e1t. Ha azonban ism\u00e9telten k\u00e9ri a szem\u00e9lyes adatai m\u00e1solat\u00e1t, a szem\u00e9lyes adatai m\u00e1solat\u00e1ra vonatkoz\u00f3 k\u00e9r\u00e9s\u00e9vel kapcsolatban \u00e9sszer\u0171 adminisztr\u00e1ci\u00f3s d\u00edjat sz\u00e1m\u00edthatunk fel. <\/p>\n\n\n\n<p>A szem\u00e9lyes adatok helyesb\u00edt\u00e9s\u00e9hez val\u00f3 jog<\/p>\n\n\n\n<p>Szolg\u00e1ltat\u00e1si felt\u00e9teleink r\u00e9szek\u00e9nt t\u00e1j\u00e9koztatjuk \u00d6nt, hogy a helyes adatokat kell megadnia nek\u00fcnk. Ha azonban m\u00e9gis el\u0151fordulna, hogy helytelen adatokat kezel\u00fcnk \u00d6nr\u0151l, a szem\u00e9lyes adatok helyesb\u00edt\u00e9s\u00e9hez val\u00f3 jog azt jelenti, hogy \u00d6n jogosult arra, hogy k\u00e9rje az \u00d6nre vonatkoz\u00f3 helytelen szem\u00e9lyes adatok helyesb\u00edt\u00e9s\u00e9t. A szem\u00e9lyes adatok feldolgoz\u00e1s\u00e1nak c\u00e9lj\u00e1ra tekintettel joga van ahhoz is, hogy az \u00d6nre vonatkoz\u00f3 hi\u00e1nyos szem\u00e9lyes adatokat kieg\u00e9sz\u00edts\u00fck.  <\/p>\n\n\n\n<p>A szem\u00e9lyes adatok t\u00f6rl\u00e9s\u00e9hez val\u00f3 jog (az elfeledtet\u00e9shez val\u00f3 jog)<\/p>\n\n\n\n<p>\u00d6n jogosult arra, hogy k\u00e9rje az \u00d6nre vonatkoz\u00f3 szem\u00e9lyes adatok t\u00f6rl\u00e9s\u00e9t, ha az al\u00e1bbi indokok k\u00f6z\u00fcl legal\u00e1bb az egyik teljes\u00fcl:<\/p>\n\n\n\n<ul class=\"wp-block-list\">\n<li>az \u00d6n szem\u00e9lyes adatai m\u00e1r nem sz\u00fcks\u00e9gesek ahhoz a c\u00e9lhoz, amelyhez gy\u0171jt\u00f6tt\u00fck vagy m\u00e1s m\u00f3don feldolgoztuk azokat<\/li>\n\n\n\n<li>\u00d6n visszavonta a szem\u00e9lyes adatainak feldolgoz\u00e1s\u00e1hoz adott hozz\u00e1j\u00e1rul\u00e1s\u00e1t, amely alapj\u00e1n az \u00d6n szem\u00e9lyes adatait feldolgozzuk, \u00e9s a tov\u00e1bbi feldolgoz\u00e1snak nincs m\u00e1s jogalapja.<\/li>\n\n\n\n<li>\u00d6n tiltakozik a szem\u00e9lyes adatok feldolgoz\u00e1sa ellen, amelyet k\u00f6z\u00e9rdek vagy jogos \u00e9rdek jogalapon v\u00e9geznek, \u00e9s nincs els\u0151bbs\u00e9get \u00e9lvez\u0151 jogos indok az adatkezel\u00e9sre vonatkoz\u00f3an.<\/li>\n\n\n\n<li>az \u00d6n szem\u00e9lyes adatait jogellenesen kezelt\u00e9k<\/li>\n\n\n\n<li>az \u00d6n szem\u00e9lyes adatait az\u00e9rt kell t\u00f6r\u00f6lni, mert ez sz\u00fcks\u00e9ges a szlov\u00e1k vagy az Eur\u00f3pai Uni\u00f3 joga szerinti k\u00f6telezetts\u00e9g teljes\u00edt\u00e9s\u00e9hez<\/li>\n\n\n\n<li>az \u00d6n szem\u00e9lyes adatait a t\u00f6rv\u00e9ny 15. szakasz\u00e1nak (1) bekezd\u00e9se szerinti inform\u00e1ci\u00f3s t\u00e1rsadalommal \u00f6sszef\u00fcgg\u0151 szolg\u00e1ltat\u00e1sok ny\u00fajt\u00e1s\u00e1val kapcsolatban gy\u0171jt\u00f6tt\u00e9k \u00f6ssze. <\/li>\n<\/ul>\n\n\n\n<p>A szem\u00e9lyes adatok t\u00f6rl\u00e9s\u00e9hez val\u00f3 joga azonban adott esetben a konkr\u00e9t k\u00f6r\u00fclm\u00e9nyekre tekintettel nem biztos\u00edthat\u00f3, ha a szem\u00e9lyes adatok kezel\u00e9se sz\u00fcks\u00e9ges:<\/p>\n\n\n\n<ul class=\"wp-block-list\">\n<li>a v\u00e9lem\u00e9nynyilv\u00e1n\u00edt\u00e1s szabads\u00e1g\u00e1hoz vagy az inform\u00e1ci\u00f3hoz val\u00f3 jogunk gyakorl\u00e1sa<\/li>\n\n\n\n<li>jogi k\u00f6telezetts\u00e9g teljes\u00edt\u00e9se<\/li>\n\n\n\n<li>jogi ig\u00e9ny\u00fcnk \u00e9rv\u00e9nyes\u00edt\u00e9s\u00e9re<\/li>\n\n\n\n<li>archiv\u00e1l\u00e1si, t\u00f6rt\u00e9nelmi kutat\u00e1si vagy statisztikai c\u00e9lokra, kiv\u00e9ve, ha val\u00f3sz\u00edn\u0171s\u00edthet\u0151, hogy a t\u00f6rl\u00e9shez val\u00f3 jog megakad\u00e1lyozn\u00e1 vagy s\u00falyosan akad\u00e1lyozn\u00e1 az ilyen feldolgoz\u00e1s c\u00e9ljainak el\u00e9r\u00e9s\u00e9t.<\/li>\n<\/ul>\n\n\n\n<p>A szem\u00e9lyes adatok feldolgoz\u00e1s\u00e1nak korl\u00e1toz\u00e1s\u00e1hoz val\u00f3 jog<\/p>\n\n\n\n<p>\u00d6n jogosult arra, hogy korl\u00e1tozzuk az \u00d6nre vonatkoz\u00f3 szem\u00e9lyes adatok feldolgoz\u00e1s\u00e1t, ha az al\u00e1bbi indokok k\u00f6z\u00fcl legal\u00e1bb egy teljes\u00fcl:<\/p>\n\n\n\n<ul class=\"wp-block-list\">\n<li>azon id\u0151szak alatt, amely lehet\u0151v\u00e9 teszi sz\u00e1munkra, hogy ellen\u0151rizz\u00fck szem\u00e9lyes adatai pontoss\u00e1g\u00e1t, \u00d6n vitatja szem\u00e9lyes adatai pontoss\u00e1g\u00e1t<\/li>\n\n\n\n<li>a szem\u00e9lyes adatok kezel\u00e9se jogellenes, \u00d6n tiltakozik a szem\u00e9lyes adatok t\u00f6rl\u00e9se ellen, \u00e9s t\u00f6rl\u00e9s helyett a szem\u00e9lyes adatok kezel\u00e9s\u00e9nek korl\u00e1toz\u00e1s\u00e1t k\u00e9ri.<\/li>\n\n\n\n<li>az \u00d6n szem\u00e9lyes adataira m\u00e1r nincs sz\u00fcks\u00e9g\u00fcnk az adatkezel\u00e9si c\u00e9lok b\u00e1rmelyik\u00e9hez, vagy azokra jogi ig\u00e9nyek el\u0151terjeszt\u00e9s\u00e9hez, \u00e9rv\u00e9nyes\u00edt\u00e9s\u00e9hez vagy \u00e9rv\u00e9nyes\u00edt\u00e9s\u00e9hez van sz\u00fcks\u00e9ge.<\/li>\n\n\n\n<li>\u00d6n tiltakozik szem\u00e9lyes adatainak feldolgoz\u00e1sa ellen, am\u00edg nem bizonyosodik be, hogy jogos \u00e9rdekeink fontosabbak az \u00d6n jogos \u00e9rdekein\u00e9l<\/li>\n<\/ul>\n\n\n\n<p>A szem\u00e9lyes adatok hordozhat\u00f3s\u00e1g\u00e1hoz val\u00f3 jog<\/p>\n\n\n\n<p>Ha az \u00d6n szem\u00e9lyes adatainak feldolgoz\u00e1s\u00e1hoz val\u00f3 jogunk az \u00d6n hozz\u00e1j\u00e1rul\u00e1s\u00e1n vagy az \u00d6nnel k\u00f6t\u00f6tt szerz\u0151d\u00e9sb\u0151l ered\u0151 k\u00f6telezetts\u00e9gek teljes\u00edt\u00e9s\u00e9n alapul, akkor \u00d6n jogosult arra, hogy k\u00e9rje az \u00d6nre vonatkoz\u00f3, \u00d6n \u00e1ltal megadott adatok tov\u00e1bb\u00edt\u00e1s\u00e1t egy m\u00e1sik adatkezel\u0151nek.<\/p>\n\n\n\n<p>A hozz\u00e1j\u00e1rul\u00e1s visszavon\u00e1s\u00e1hoz val\u00f3 jog<\/p>\n\n\n\n<p>Ha az \u00d6n szem\u00e9lyes adatait az \u00e9rintett hozz\u00e1j\u00e1rul\u00e1sa alapj\u00e1n kezelj\u00fck, \u00d6n jogosult arra, hogy ezt a hozz\u00e1j\u00e1rul\u00e1st b\u00e1rmikor visszavonja, m\u00e9g annak az id\u0151szaknak a lej\u00e1rta el\u0151tt is, amelyre a hozz\u00e1j\u00e1rul\u00e1st adta. A hozz\u00e1j\u00e1rul\u00e1s visszavon\u00e1sa nem \u00e9rinti a visszavon\u00e1s el\u0151tti hozz\u00e1j\u00e1rul\u00e1son alapul\u00f3 adatkezel\u00e9s jogszer\u0171s\u00e9g\u00e9t. <\/p>\n\n\n\n<p>Az automatiz\u00e1lt egy\u00e9ni d\u00f6nt\u00e9shozatal, ide\u00e9rtve a profilalkot\u00e1st is, eredm\u00e9nytelens\u00e9g\u00e9hez val\u00f3 jog<\/p>\n\n\n\n<p>\u00d6n jogosult arra, hogy k\u00e9rje, hogy az automatiz\u00e1lt egyedi d\u00f6nt\u00e9shozatal, bele\u00e9rtve a profilalkot\u00e1st is, ne legyen hat\u00e9kony \u00d6nnel szemben.<\/p>\n\n\n\n<h6 class=\"wp-block-heading\">&nbsp;<\/h6>\n\n\n\n<h6 class=\"wp-block-heading\">TELEP\u00cdT\u00c9SI JOG<\/h6>\n\n\n\n<p>Ha az \u00d6n k\u00fcl\u00f6nleges helyzet\u00e9vel kapcsolatos okok miatt tiltakozhat szem\u00e9lyes adatainak feldolgoz\u00e1sa ellen, amennyiben az ilyen feldolgoz\u00e1s jogalapja a mi jogos \u00e9rdek\u00fcnk.<\/p>\n\n\n\n<p>Ha azonban az adatkezel\u00e9shez f\u0171z\u0151d\u0151 jogos \u00e9rdek\u00fcnk meghaladja az \u00d6n szem\u00e9lyes \u00e9rdek\u00e9t, akkor az \u00d6n tiltakoz\u00e1sa ellen\u00e9re is folytathatjuk az \u00d6n adatainak feldolgoz\u00e1s\u00e1t. Jogunk van tov\u00e1bb\u00e1 folytatni az \u00d6n adatainak feldolgoz\u00e1s\u00e1t, ha ez jogi k\u00f6vetel\u00e9seink meg\u00e1llap\u00edt\u00e1s\u00e1hoz, gyakorl\u00e1s\u00e1hoz vagy v\u00e9delm\u00e9hez sz\u00fcks\u00e9ges. <\/p>\n\n\n\n<p>Direkt marketing (bele\u00e9rtve a direkt marketing c\u00e9l\u00fa elemz\u00e9seket):<\/p>\n\n\n\n<p>\u00d6nnek lehet\u0151s\u00e9ge van arra, hogy tiltakozzon szem\u00e9lyes adatainak k\u00f6zvetlen marketing c\u00e9l\u00fa feldolgoz\u00e1sa ellen. A tiltakoz\u00e1s a szem\u00e9lyes adatoknak a k\u00f6zvetlen marketinggel \u00f6sszef\u00fcgg\u00e9sben v\u00e9gzett elemz\u00e9s\u00e9re (&#8222;profilalkot\u00e1s&#8221;) is vonatkozik. Ha \u00d6n tiltakozik a direkt marketing ellen, akkor le\u00e1ll\u00edtjuk az \u00d6n szem\u00e9lyes adatainak e c\u00e9lb\u00f3l, valamint a direkt marketingtev\u00e9kenys\u00e9gek minden t\u00edpusa c\u00e9lj\u00e1b\u00f3l t\u00f6rt\u00e9n\u0151 feldolgoz\u00e1s\u00e1t.  <\/p>\n\n\n\n<p>Term\u00e9szetesen k\u00f6nnyen lemondhat arr\u00f3l, hogy bizonyos csatorn\u00e1kon \u00fczeneteket \u00e9s szem\u00e9lyes aj\u00e1nlatokat kapjon. P\u00e9ld\u00e1ul csak e-mailben kaphat t\u0151l\u00fcnk aj\u00e1nlatokat, SMS-ben nem. <\/p>\n\n\n\n<p>A be\u00e1ll\u00edt\u00e1sokat b\u00e1rmikor megv\u00e1ltoztathatja a webhelyen vagy az alkalmaz\u00e1sban. A be\u00e1ll\u00edt\u00e1sokat e-mailben, SMS-ben vagy a kett\u0151 kombin\u00e1ci\u00f3j\u00e1val is m\u00f3dos\u00edthatja. Ha seg\u00edts\u00e9gre van sz\u00fcks\u00e9ge a be\u00e1ll\u00edt\u00e1sokkal kapcsolatban, b\u00e1rmikor kapcsolatba l\u00e9phet \u00fcgyf\u00e9lszolg\u00e1latunkkal.  <\/p>\n\n\n\n<p>Ha \u00d6n mint \u00e9rintett nem rendelkezik teljes jogk\u00e9pess\u00e9ggel, a rendelet \u00e9s a t\u00f6rv\u00e9ny szerinti jogait az \u00d6n t\u00f6rv\u00e9nyes k\u00e9pvisel\u0151je gyakorolhatja. A nem \u00e9l\u0151 \u00e9rintett jogait a rendelet \u00e9s a t\u00f6rv\u00e9ny \u00e9rtelm\u00e9ben vett k\u00f6zeli szem\u00e9ly gyakorolhatja. <\/p>\n\n\n\n<p>Amennyiben az \u00d6n mint \u00e9rintett k\u00e9relme nyilv\u00e1nval\u00f3an megalapozatlan vagy \u00e9sszer\u0171tlen, k\u00fcl\u00f6n\u00f6sen ism\u00e9tl\u0151d\u0151 jellege miatt, az inform\u00e1ci\u00f3szolg\u00e1ltat\u00e1s adminisztrat\u00edv k\u00f6lts\u00e9geit figyelembe v\u00e9ve \u00e9sszer\u0171 d\u00edjat sz\u00e1m\u00edthatunk fel, vagy megtagadhatjuk a k\u00e9relem teljes\u00edt\u00e9s\u00e9t.<\/p>\n\n\n\n<h6 class=\"wp-block-heading\">&nbsp;<\/h6>\n\n\n\n<h6 class=\"wp-block-heading\">Hogyan l\u00e9phet kapcsolatba vel\u00fcnk?<\/h6>\n\n\n\n<p>Ha b\u00e1rmilyen k\u00e9rd\u00e9se van a szem\u00e9lyes adatainak feldolgoz\u00e1s\u00e1val kapcsolatban, kapcsolatba l\u00e9phet vel\u00fcnk a szem\u00e9lyes adatainak feldolgoz\u00e1s\u00e1val kapcsolatban, k\u00e9rj\u00fck, k\u00fcldj\u00f6n e-mailt a <a href=\"mailto:wiwagroup1@gmail.com\">wiwagroup1@gmail.com<\/a> c\u00edmre, vagy postai \u00faton a WIWA group s.r.o., Hlavn\u00e1 31, 943 01 \u0160t\u00farovo c\u00edmre.<\/p>\n\n\n\n<p>Ha nem el\u00e9gedett a v\u00e1laszunkkal, vagy ha \u00fagy v\u00e9li, hogy jogellenesen kezelj\u00fck az adatait, panaszt tehet a fel\u00fcgyeleti hat\u00f3s\u00e1gn\u00e1l, a Szlov\u00e1k K\u00f6zt\u00e1rsas\u00e1g Szem\u00e9lyes Adatv\u00e9delmi Hivatal\u00e1n\u00e1l.<\/p>\n\t\t\t\t\t\t\t\t<\/div>\n\t\t\t\t\t<\/div>\n\t\t\t\t<\/div>\n\t\t\t\t<\/div>\n\t\t","protected":false},"excerpt":{"rendered":"<p>Adatv\u00e9delmi ir\u00e1nyelvek Kedves felhaszn\u00e1l\u00f3k, ez az adatv\u00e9delmi szab\u00e1lyzat \u00d6nre &#8211; a v\u00e1llalatunk \u00e1ltal online weboldalainkon vagy mobilalkalmaz\u00e1sainkon kereszt\u00fcl ny\u00fajtott szolg\u00e1ltat\u00e1saink [&hellip;]<\/p>\n","protected":false},"author":1,"featured_media":0,"parent":0,"menu_order":0,"comment_status":"closed","ping_status":"closed","template":"","meta":{"_acf_changed":false,"site-sidebar-layout":"default","site-content-layout":"","ast-site-content-layout":"default","site-content-style":"default","site-sidebar-style":"default","ast-global-header-display":"","ast-banner-title-visibility":"","ast-main-header-display":"","ast-hfb-above-header-display":"","ast-hfb-below-header-display":"","ast-hfb-mobile-header-display":"","site-post-title":"","ast-breadcrumbs-content":"","ast-featured-img":"","footer-sml-layout":"","theme-transparent-header-meta":"","adv-header-id-meta":"","stick-header-meta":"","header-above-stick-meta":"","header-main-stick-meta":"","header-below-stick-meta":"","astra-migrate-meta-layouts":"default","ast-page-background-enabled":"default","ast-page-background-meta":{"desktop":{"background-color":"var(--ast-global-color-5)","background-image":"","background-repeat":"repeat","background-position":"center center","background-size":"auto","background-attachment":"scroll","background-type":"","background-media":"","overlay-type":"","overlay-color":"","overlay-opacity":"","overlay-gradient":""},"tablet":{"background-color":"","background-image":"","background-repeat":"repeat","background-position":"center center","background-size":"auto","background-attachment":"scroll","background-type":"","background-media":"","overlay-type":"","overlay-color":"","overlay-opacity":"","overlay-gradient":""},"mobile":{"background-color":"","background-image":"","background-repeat":"repeat","background-position":"center center","background-size":"auto","background-attachment":"scroll","background-type":"","background-media":"","overlay-type":"","overlay-color":"","overlay-opacity":"","overlay-gradient":""}},"ast-content-background-meta":{"desktop":{"background-color":"var(--ast-global-color-4)","background-image":"","background-repeat":"repeat","background-position":"center center","background-size":"auto","background-attachment":"scroll","background-type":"","background-media":"","overlay-type":"","overlay-color":"","overlay-opacity":"","overlay-gradient":""},"tablet":{"background-color":"var(--ast-global-color-4)","background-image":"","background-repeat":"repeat","background-position":"center center","background-size":"auto","background-attachment":"scroll","background-type":"","background-media":"","overlay-type":"","overlay-color":"","overlay-opacity":"","overlay-gradient":""},"mobile":{"background-color":"var(--ast-global-color-4)","background-image":"","background-repeat":"repeat","background-position":"center center","background-size":"auto","background-attachment":"scroll","background-type":"","background-media":"","overlay-type":"","overlay-color":"","overlay-opacity":"","overlay-gradient":""}},"footnotes":""},"class_list":["post-3274","page","type-page","status-publish","hentry"],"acf":[],"_links":{"self":[{"href":"https:\/\/wiwagroup.sk\/hu\/wp-json\/wp\/v2\/pages\/3274","targetHints":{"allow":["GET"]}}],"collection":[{"href":"https:\/\/wiwagroup.sk\/hu\/wp-json\/wp\/v2\/pages"}],"about":[{"href":"https:\/\/wiwagroup.sk\/hu\/wp-json\/wp\/v2\/types\/page"}],"author":[{"embeddable":true,"href":"https:\/\/wiwagroup.sk\/hu\/wp-json\/wp\/v2\/users\/1"}],"replies":[{"embeddable":true,"href":"https:\/\/wiwagroup.sk\/hu\/wp-json\/wp\/v2\/comments?post=3274"}],"version-history":[{"count":3,"href":"https:\/\/wiwagroup.sk\/hu\/wp-json\/wp\/v2\/pages\/3274\/revisions"}],"predecessor-version":[{"id":3277,"href":"https:\/\/wiwagroup.sk\/hu\/wp-json\/wp\/v2\/pages\/3274\/revisions\/3277"}],"wp:attachment":[{"href":"https:\/\/wiwagroup.sk\/hu\/wp-json\/wp\/v2\/media?parent=3274"}],"curies":[{"name":"wp","href":"https:\/\/api.w.org\/{rel}","templated":true}]}}